{"id":3135,"date":"2021-10-08T04:16:06","date_gmt":"2021-10-08T02:16:06","guid":{"rendered":"http:\/\/paroisse-bangkok.com\/?page_id=3135"},"modified":"2021-10-09T05:06:06","modified_gmt":"2021-10-09T03:06:06","slug":"maison-sure-2","status":"publish","type":"page","link":"http:\/\/paroisse-bangkok.com\/index.php\/maison-sure-2\/","title":{"rendered":"Rapport Ciase"},"content":{"rendered":"\n<p>Apr\u00e8s deux ans et demi de travaux, la Commission ind\u00e9pendante sur les abus sexuels dans l\u2019\u00c9glise, install\u00e9e depuis le 8 f\u00e9vrier 2019, a rendu public son rapport le 5 octobre 2021.<\/p>\n\n\n\n<p>L\u2019ampleur et la gravit\u00e9 des faits provoque la stupeur, parmi les catholiques bien s\u00fbr, mais aussi dans l\u2019ensemble de la soci\u00e9t\u00e9 fran\u00e7aise.<\/p>\n\n\n\n<p>Nous vous invitons \u00e0 porter dans la pri\u00e8re toutes ces vies abim\u00e9es. Aussi, tous les catholiques sont invit\u00e9s \u00e0 lire ce rapport avec attention. C\u2019est un devoir de regarder cette terrible r\u00e9alit\u00e9 pour pouvoir ensemble y faire face et travailler \u00e0 une \u00c9glise plus digne de l\u2019humanit\u00e9 et du Christ qu\u2019elle annonce.<\/p>\n\n\n\n<p>Des mesures concr\u00e8tes ont d\u00e9j\u00e0 \u00e9t\u00e9 prises au sein de l\u2019Eglise, et d&rsquo;autres verront le jour suite aux recommandations \u00e9mises par le rapport. A Bangkok aussi nous disons notre volont\u00e9 de travailler ensemble, pour que notre Eglise catholique soit enti\u00e8rement une maison s\u00fbre, digne de l\u2019Evangile qui est notre Joie.<\/p>\n\n\n\n<p>Vous trouverez ci-dessous quelques textes ou ressources utiles. Sur ces sujets importants, nous sommes bien s\u00fbr disponibles pour vous \u00e9couter et vous accompagner.<\/p>\n\n\n\n<p>Fraternellement, et avec esp\u00e9rance.<\/p>\n\n\n\n<p>L\u2019EAP de Bangkok et P\u00e8re Nicolas<\/p>\n\n\n\n<div class=\"wp-container-12 wp-block-group\"><div class=\"wp-block-group__inner-container\">\n<div class=\"wp-container-11 wp-block-group\"><div class=\"wp-block-group__inner-container\">\n<h2 class=\"has-text-align-center\"><span class=\"has-inline-color has-purple-color\">Documents<\/span><\/h2>\n\n\n\n<div class=\"wp-container-10 wp-block-group\"><div class=\"wp-block-group__inner-container\">\n<div class=\"wp-container-9 wp-block-group\"><div class=\"wp-block-group__inner-container\">\n<div class=\"wp-container-5 wp-block-group\"><div class=\"wp-block-group__inner-container\">\n<div class=\"wp-container-4 wp-block-group\"><div class=\"wp-block-group__inner-container\">\n<div class=\"wp-container-3 wp-block-group\"><div class=\"wp-block-group__inner-container\">\n<div class=\"wp-container-2 wp-block-group\"><div class=\"wp-block-group__inner-container\">\n<div class=\"wp-container-1 wp-block-group\"><div class=\"wp-block-group__inner-container\"><\/div><\/div>\n<\/div><\/div>\n<\/div><\/div>\n<\/div><\/div>\n<\/div><\/div>\n\n\n\n<div class=\"wp-container-8 wp-block-group\"><div class=\"wp-block-group__inner-container\">\n<div class=\"wp-container-7 wp-block-group\"><div class=\"wp-block-group__inner-container\">\n<div class=\"wp-container-6 wp-block-group\"><div class=\"wp-block-group__inner-container\">\n<h4><strong>Rapport de la Ciase <\/strong>&#8211; 05 octobre 2021<\/h4>\n\n\n\n<p><a href=\"https:\/\/www.ciase.fr\/rapport-final\/\"><span class=\"has-inline-color has-bright-blue-color\">Les violences sexuelles dans l&rsquo;Eglise catholique<\/span><\/a><\/p>\n\n\n\n<pre class=\"wp-block-preformatted\">Apr\u00e8s deux ans et demi de travaux, la Commission ind\u00e9pendante sur les abus sexuels dans l\u2019\u00c9glise, install\u00e9e depuis le 8 f\u00e9vrier 2019, a rendu public son rapport le 5 octobre 2021.<br>Pr\u00e9sentation par Monsieur Jean-Marc Sauv\u00e9 sur&nbsp;<a href=\"https:\/\/www.youtube.com\/watch?v=fjNygkBwMv0\">YouTube KTO<\/a><\/pre>\n<\/div><\/div>\n<\/div><\/div>\n<\/div><\/div>\n<\/div><\/div>\n<\/div><\/div>\n<\/div><\/div>\n<\/div><\/div>\n\n\n\n<h4><strong>Lettre des \u00e9v\u00eaques de France aux catholiques sur la lutte contre la p\u00e9dophilie<\/strong> \u2013 25 mars 2021<\/h4>\n\n\n\n<p><a href=\"https:\/\/luttercontrelapedophilie.catholique.fr\/lettre-des-eveques-de-france-aux-catholiques-sur-la-lutte-contre-la-pedophilie-mars-2021\/\"><span class=\"has-inline-color has-bright-blue-color\">Lettre des \u00e9v\u00eaques de France<\/span><\/a><\/p>\n\n\n\n<pre class=\"wp-block-preformatted\">L'assembl\u00e9e pl\u00e9ni\u00e8re de printemps des \u00e9v\u00eaques de France&nbsp;s'est conclue par le vote de d\u00e9cisions fortes contre la p\u00e9dophilie. Ils ont vot\u00e9 onze r\u00e9solutions et adressent une lettre solennelle aux catholiques.<\/pre>\n\n\n\n<p><\/p>\n\n\n\n<h4><strong>Lettre du Pape Fran\u00e7ois<\/strong> &#8211; Saint-Si\u00e8ge 20 ao\u00fbt 2018<\/h4>\n\n\n\n<p><a href=\"https:\/\/www.vatican.va\/content\/francesco\/fr\/letters\/2018\/documents\/papa-francesco_20180820_lettera-popolo-didio.pdf\"><span class=\"has-inline-color has-bright-blue-color\">Lettre au peuple de Dieu \u00e0 propos des abus sexuels<\/span><\/a><\/p>\n\n\n\n<div class=\"wp-container-13 wp-block-group\"><div class=\"wp-block-group__inner-container\">\n<pre class=\"wp-block-preformatted\">Le Pape Fran\u00e7ois exprime la douleur et la honte ressentie. Il y fustige le cl\u00e9ricalisme et appelle l\u2019ensemble des baptis\u00e9s \u00e0 s\u2019engager pour mener la lutte contre les abus et toute forme de corruption spirituelle.<\/pre>\n<\/div><\/div>\n\n\n\n<h2 class=\"has-text-align-center\"><span class=\"has-inline-color has-purple-color\">R\u00e9flexion<\/span><\/h2>\n\n\n\n<h4><strong>Entretien avec Jean-Marc Sauv\u00e9 <\/strong>&#8211; La Vie 05 octobre 2021<\/h4>\n\n\n\n<p><a href=\"https:\/\/www.lavie.fr\/christianisme\/eglise\/jean-marc-sauve-notre-rapport-cest-lhistoire-dun-naufrage-78189.php\"><span class=\"has-inline-color has-bright-blue-color\">\u00ab Notre rapport, c\u2019est l\u2019histoire d\u2019un naufrage \u00bb<\/span><\/a><\/p>\n\n\n\n<pre class=\"wp-block-preformatted\">Le pr\u00e9sident de la Commission ind\u00e9pendante sur les abus sexuels dans l\u2019\u00c9glise (Ciase) tire les le\u00e7ons de l\u2019enqu\u00eate men\u00e9e par son \u00e9quipe et livre, de mani\u00e8re in\u00e9dite, l\u2019ampleur de la transformation que cela a provoqu\u00e9 en lui.<\/pre>\n\n\n\n<h4><strong>Service National pour l\u2019\u00e9vang\u00e9lisation des jeunes et les vocations<\/strong><\/h4>\n\n\n\n<p><a href=\"https:\/\/jeunes-vocations.catholique.fr\/actualites\/303309-en-preparation-de-la-remise-du-rapport-de-la-ciase\/\"><span class=\"has-inline-color has-bright-blue-color\">Lettre du P\u00e8re Vincent Breynaert<\/span><\/a><\/p>\n\n\n\n<pre class=\"wp-block-preformatted\">Vous exercez une responsabilit\u00e9 pastorale aupr\u00e8s des jeunes et des animateurs, ceci vous met en position d\u2019\u00e9coute ou d\u2019accompagnement des jeunes et des familles : nous souhaitons par ce bref courrier vous inviter \u00e0 vous pr\u00e9parer \u00e0 la r\u00e9ception de ce rapport important souhait\u00e9 par l\u2019Eglise.<\/pre>\n\n\n\n<h4><strong>Aleteia : regard chr\u00e9tien sur l\u2019actualit\u00e9<\/strong><\/h4>\n\n\n\n<p><a href=\"https:\/\/fr.aleteia.org\/2021\/10\/05\/abus-sexuels-que-dire-a-son-enfant-sans-saper-sa-confiance-dans-leglise\/?utm_campaign=NL_fr&amp;utm_content=NL_fr&amp;utm_medium=mail&amp;utm_source=daily_newsletter\"><span class=\"has-inline-color has-bright-blue-color\">Que dire \u00e0 son enfant sans saper sa confiance dans l\u2019\u00c9glise?<\/span><\/a><\/p>\n\n\n\n<pre class=\"wp-block-preformatted\">Le rapport de la Chase estime \u00e0 216.000 le nombre de mineurs victimes d\u2019abus sexuels par un clerc ou un religieux entre 1950 et 2020. Faut-il en parler ou non \u00e0 ses enfants ? Que dire sans saper leur confiance \u00e0 l\u2019\u00e9gard des pr\u00eatres et des religieux ?<\/pre>\n\n\n\n<h2 class=\"has-text-align-center\"><span class=\"has-inline-color has-purple-color\">Ressources<\/span><\/h2>\n\n\n\n<h4><strong>Conf\u00e9rence des Ev\u00eaques de France<\/strong><\/h4>\n\n\n\n<p><a href=\"https:\/\/luttercontrelapedophilie.catholique.fr\/reperes-sur-la-pedophilie\/\"><span class=\"has-inline-color has-bright-blue-color\">Lutter contre la p\u00e9dophilie<\/span><\/a><\/p>\n\n\n\n<pre class=\"wp-block-preformatted\">Rep\u00e8res (Comment et pourquoi une relation \u00e9ducative entre un adulte et un enfant peut-elle d\u00e9g\u00e9n\u00e9rer\u202f?) - Comment agir (vous \u00eates en responsabilit\u00e9 aupr\u00e8s d\u2019enfants et de jeunes) - Lutter contre la p\u00e9dophilie (l\u2019Eglise doit redevenir une maison s\u00fbre)<\/pre>\n\n\n\n<h4><strong>Communaut\u00e9s catholiques francophones dans le monde<\/strong><\/h4>\n\n\n\n<p><a href=\"https:\/\/communautes-francophones.catholique.fr\"><span class=\"has-inline-color has-bright-blue-color\">site internet des CCFM<\/span><\/a><\/p>\n\n\n\n<pre class=\"wp-block-preformatted\">Vie des communaut\u00e9s catholique francophone, outils pastoraux, actualit\u00e9 et \u00e9v\u00e9nement de l\u2019\u00e9glise.<\/pre>\n\n\n\n<h4><strong>Cabinet international d\u2019aide psychologique<\/strong><\/h4>\n\n\n\n<p><a href=\"https:\/\/www.cigap.org\"><span class=\"has-inline-color has-bright-blue-color\">Bienvenue sur cigap.org<\/span><\/a><\/p>\n\n\n\n<pre class=\"wp-block-preformatted\">Des psychologues sp\u00e9cialis\u00e9s et exp\u00e9riment\u00e9s, \u00e0 votre \u00e9coute, 24h\/24 o\u00f9 que vous soyez dans le monde.<\/pre>\n\n\n\n<h2 class=\"has-text-align-center\"><span class=\"has-inline-color has-purple-color\">Education en Tha\u00eflande<\/span><\/h2>\n\n\n\n<h4>Loi de 2003 sur la protection de l&rsquo;enfance<\/h4>\n\n\n\n<p><a href=\"https:\/\/www.catholic-education.or.th\/home\/index.php\/\u0e02\u0e48\u0e32\u0e27\u0e2a\u0e32\u0e23\/\u0e02\u0e48\u0e32\u0e27\u0e01\u0e32\u0e23\u0e28\u0e36\u0e01\u0e29\u0e32\/271-\u0e01\u0e0e\u0e2b\u0e21\u0e32\u0e22\u0e04\u0e38\u0e49\u0e21\u0e04\u0e23\u0e2d\u0e07\u0e40\u0e14\u0e47\u0e01.html\"><span class=\"has-inline-color has-bright-blue-color\">Loi sur la protection de l&rsquo;enfance<\/span><\/a><\/p>\n\n\n\n<pre class=\"wp-block-preformatted\">La loi de 2003 sur la protection de l'enfance d\u00e9finit la protection de l'enfance.&nbsp;Les sections directement li\u00e9es \u00e0 l'\u00e9cole sont les suivantes :&nbsp;(1) Pratiques de protection de l'enfance&nbsp;; (2) Promouvoir le comportement des \u00e9l\u00e8ves et des \u00e9l\u00e8ves.<\/pre>\n\n\n\n<h4>Conseil de l&rsquo;Education catholique de Tha\u00eflande<\/h4>\n\n\n\n<p><a href=\"https:\/\/drive.google.com\/drive\/folders\/1rjarDKznSPP05PvA-mZjGg2WbnZ8oaqL\"><span class=\"has-inline-color has-bright-blue-color\">Child Protection and Safeguarding<\/span><\/a><\/p>\n\n\n\n<pre class=\"wp-block-preformatted\">Afin de promouvoir la mission d'offrir une \u00e9ducation de qualit\u00e9 dans chacune de ses \u00e9coles, le Conseil de l'\u00e9ducation catholique de Tha\u00eflande propose les directives standard suivantes pour les \u00e9coles catholiques afin de promouvoir la dignit\u00e9, prot\u00e9ger les droits et prot\u00e9ger les enfants contre les abus.<\/pre>\n\n\n\n<h2 class=\"has-text-align-center\"><span class=\"has-inline-color has-purple-color\">Esp\u00e9rance et pri\u00e8re<\/span><\/h2>\n\n\n\n<h4><strong>Conclusion de Jean-Marc Sauv\u00e9 \u00e0 la remise de son rapport<\/strong><\/h4>\n\n\n\n<pre class=\"wp-block-preformatted\">\"Il ne peut y avoir d\u2019avenir commun sans un travail de v\u00e9rit\u00e9, de pardon et de r\u00e9conciliation. Nous avons contribu\u00e9 autant qu\u2019il \u00e9tait possible au travail de v\u00e9rit\u00e9. C\u2019est \u00e0 l\u2019\u00c9glise de s\u2019en emparer et de le poursuivre afin de retrouver \u00e0 la fois la confiance des fid\u00e8les et le respect de notre soci\u00e9t\u00e9. L\u2019\u00c9glise catholique est une composante essentielle de notre soci\u00e9t\u00e9. Il est imp\u00e9ratif de r\u00e9tablir une alliance qui a \u00e9t\u00e9 mise \u00e0 mal. C\u2019est un message d\u2019attente, c\u2019est un message d\u2019espoir. Notre esp\u00e9rance ne peut pas et ne sera pas d\u00e9truite. L\u2019\u00c9glise peut et doit faire tout ce qui est n\u00e9cessaire pour r\u00e9tablir ce qui a \u00e9t\u00e9 ab\u00eem\u00e9, et reconstruire ce qui a \u00e9t\u00e9 bris\u00e9.\"<\/pre>\n\n\n\n<h4><strong>R\u00e9former tout ce qui doit l\u2019\u00eatre et red\u00e9couvrir l\u2019esp\u00e9rance<\/strong><\/h4>\n\n\n\n<p><a href=\"https:\/\/www.viereligieuse.fr\/Reception-du-rapport-de-la-Ciase\"><span class=\"has-inline-color has-bright-blue-color\">R\u00e9ponse de Sr V\u00e9ronique Margron \u00e0 M. Jean-Marc Sauv\u00e9<\/span><\/a><\/p>\n\n\n\n<pre class=\"wp-block-preformatted\">L\u2019esp\u00e9rance \"est une d\u00e9termination h\u00e9ro\u00efque de l\u2019\u00e2me, et sa plus haute forme est le d\u00e9sespoir surmont\u00e9... L\u2019esp\u00e9rance est la plus grande et la plus difficile victoire qu\u2019un homme puisse remporter sur son \u00e2me\u2026 On ne va jusqu\u2019\u00e0 l\u2019esp\u00e9rance qu\u2019\u00e0 travers la v\u00e9rit\u00e9, au prix de grands efforts.\" (Georges Bernanos, conf\u00e9rence 1945.)<\/pre>\n\n\n\n<h4><strong>Prier en octobre avec Hosana<\/strong><\/h4>\n\n\n\n<p><a href=\"https:\/\/hozana.org\/communaute\/10315-sauve-ciase-rebatis-mon-eglise?&amp;utm_source=BDD_Hozana&amp;utm_medium=mailing&amp;utm_content=2021_10_04&amp;utm_campaign=sauve-ciase-rebatis-mon-eglise\"><span class=\"has-inline-color has-bright-blue-color\">Seigneur, reb\u00e2tis ton Eglise<\/span><\/a><\/p>\n\n\n\n<pre class=\"wp-block-preformatted\">Nous vous proposons de prier pendant ce mois d'octobre \u00e0 toutes ces intentions au rythme d'un petit temps quotidien. Chaque jour nous prierons pour une intention particuli\u00e8re afin que le Seigneur lui-m\u00eame vienne gu\u00e9rir, prendre soin et reb\u00e2tir tout ce qui doit l\u2019\u00eatre.<\/pre>\n\n\n\n<p><\/p>\n","protected":false},"excerpt":{"rendered":"<p>Apr\u00e8s deux ans et demi de travaux, la Commission ind\u00e9pendante sur les abus sexuels dans l\u2019\u00c9glise, install\u00e9e depuis le 8 f\u00e9vrier 2019, a rendu public son rapport le 5 octobre 2021. L\u2019ampleur et la gravit\u00e9 des faits provoque la stupeur, parmi les catholiques bien s\u00fbr, mais aussi dans l\u2019ensemble de la soci\u00e9t\u00e9 fran\u00e7aise. Nous vous &hellip; <a href=\"http:\/\/paroisse-bangkok.com\/index.php\/maison-sure-2\/\" class=\"more-link\">Continuer la lecture de <span class=\"screen-reader-text\">Rapport Ciase<\/span><\/a><\/p>\n","protected":false},"author":1,"featured_media":0,"parent":0,"menu_order":0,"comment_status":"closed","ping_status":"closed","template":"","meta":[],"_links":{"self":[{"href":"http:\/\/paroisse-bangkok.com\/index.php\/wp-json\/wp\/v2\/pages\/3135"}],"collection":[{"href":"http:\/\/paroisse-bangkok.com\/index.php\/wp-json\/wp\/v2\/pages"}],"about":[{"href":"http:\/\/paroisse-bangkok.com\/index.php\/wp-json\/wp\/v2\/types\/page"}],"author":[{"embeddable":true,"href":"http:\/\/paroisse-bangkok.com\/index.php\/wp-json\/wp\/v2\/users\/1"}],"replies":[{"embeddable":true,"href":"http:\/\/paroisse-bangkok.com\/index.php\/wp-json\/wp\/v2\/comments?post=3135"}],"version-history":[{"count":55,"href":"http:\/\/paroisse-bangkok.com\/index.php\/wp-json\/wp\/v2\/pages\/3135\/revisions"}],"predecessor-version":[{"id":3194,"href":"http:\/\/paroisse-bangkok.com\/index.php\/wp-json\/wp\/v2\/pages\/3135\/revisions\/3194"}],"wp:attachment":[{"href":"http:\/\/paroisse-bangkok.com\/index.php\/wp-json\/wp\/v2\/media?parent=3135"}],"curies":[{"name":"wp","href":"https:\/\/api.w.org\/{rel}","templated":true}]}}